{"version":"1.0","provider_name":"HL Studija","provider_url":"https:\/\/www.hlstudija.lv\/en\/","author_name":"eisakalaura","author_url":"https:\/\/www.hlstudija.lv\/en\/author\/eisakalaura\/","title":"Mil\u0101nas dizaina ned\u0113\u013ca 2021: iedvesma no z\u012bmoliem - HL Studija","type":"rich","width":600,"height":338,"html":"<blockquote class=\"wp-embedded-content\" data-secret=\"lmR1uYfWxz\"><a href=\"https:\/\/www.hlstudija.lv\/en\/milanas-dizaina-nedela-2021-iedvesma-no-zimoliem\/\">Mil\u0101nas dizaina ned\u0113\u013ca 2021: iedvesma no z\u012bmoliem<\/a><\/blockquote><iframe sandbox=\"allow-scripts\" security=\"restricted\" src=\"https:\/\/www.hlstudija.lv\/en\/milanas-dizaina-nedela-2021-iedvesma-no-zimoliem\/embed\/#?secret=lmR1uYfWxz\" width=\"600\" height=\"338\" title=\"&#8220;Mil\u0101nas dizaina ned\u0113\u013ca 2021: iedvesma no z\u012bmoliem&#8221; &#8212; HL Studija\" data-secret=\"lmR1uYfWxz\" frameborder=\"0\" marginwidth=\"0\" marginheight=\"0\" scrolling=\"no\" class=\"wp-embedded-content\"><\/iframe><script type=\"text\/javascript\">\n\/*! This file is auto-generated *\/\n!function(c,d){\"use strict\";var e=!1,o=!1;if(d.querySelector)if(c.addEventListener)e=!0;if(c.wp=c.wp||{},c.wp.receiveEmbedMessage);else if(c.wp.receiveEmbedMessage=function(e){var t=e.data;if(!t);else if(!(t.secret||t.message||t.value));else if(\/[^a-zA-Z0-9]\/.test(t.secret));else{for(var r,s,a,i=d.querySelectorAll('iframe[data-secret=\"'+t.secret+'\"]'),n=d.querySelectorAll('blockquote[data-secret=\"'+t.secret+'\"]'),o=new RegExp(\"^https?:$\",\"i\"),l=0;l<n.length;l++)n[l].style.display=\"none\";for(l=0;l<i.length;l++)if(r=i[l],e.source!==r.contentWindow);else{if(r.removeAttribute(\"style\"),\"height\"===t.message){if(1e3<(s=parseInt(t.value,10)))s=1e3;else if(~~s<200)s=200;r.height=s}if(\"link\"===t.message)if(s=d.createElement(\"a\"),a=d.createElement(\"a\"),s.href=r.getAttribute(\"src\"),a.href=t.value,!o.test(a.protocol));else if(a.host===s.host)if(d.activeElement===r)c.top.location.href=t.value}}},e)c.addEventListener(\"message\",c.wp.receiveEmbedMessage,!1),d.addEventListener(\"DOMContentLoaded\",t,!1),c.addEventListener(\"load\",t,!1);function t(){if(o);else{o=!0;for(var e,t,r,s=-1!==navigator.appVersion.indexOf(\"MSIE 10\"),a=!!navigator.userAgent.match(\/Trident.*rv:11\\.\/),i=d.querySelectorAll(\"iframe.wp-embedded-content\"),n=0;n<i.length;n++){if(!(r=(t=i[n]).getAttribute(\"data-secret\")))r=Math.random().toString(36).substr(2,10),t.src+=\"#?secret=\"+r,t.setAttribute(\"data-secret\",r);if(s||a)(e=t.cloneNode(!0)).removeAttribute(\"security\"),t.parentNode.replaceChild(e,t);t.contentWindow.postMessage({message:\"ready\",secret:r},\"*\")}}}}(window,document);\n<\/script>\n","thumbnail_url":"https:\/\/www.hlstudija.lv\/wp-content\/uploads\/2021\/09\/milano-design-week-jaunakas-dizaina-aktualitates-interjera-tendences-flizes.jpg","thumbnail_width":2367,"thumbnail_height":335,"description":"Iedvesma no Mil\u0101nas dizaina ned\u0113\u013cas 2021 \u2013 liel\u0101k\u0101 ikgad\u0113j\u0101 pas\u0101kuma, kas apvieno dizaina profesion\u0101\u013cus no visas pasaules. Tas ietver gan iev\u0113rojamo m\u0113be\u013cu izst\u0101di Salone del Mobile, gan simtiem pas\u0101kumu vis\u0101 pils\u0113t\u0101, \u012bpa\u0161i dizaina kvart\u0101los, kuros atrodas ar\u012b m\u016bsu p\u0101rst\u0101v\u0113to z\u012bmolu saloni. Aicin\u0101m J\u016bs ieskat\u012bties z\u012bmolu veidoto stendu un salonu dizainos, lai uzzin\u0101tu par jaun\u0101kaj\u0101m apdares... Read more &raquo;"}